{"id":24,"date":"2022-03-09T12:00:47","date_gmt":"2022-03-09T12:00:47","guid":{"rendered":"http:\/\/www.utn.edu.ec\/fecyt\/carreras\/comunicacion\/?page_id=24"},"modified":"2022-03-11T14:05:50","modified_gmt":"2022-03-11T14:05:50","slug":"nuestra-carrera","status":"publish","type":"page","link":"https:\/\/comunicacion.utn.edu.ec\/index.php\/nuestra-carrera\/","title":{"rendered":"Nuestra carrera"},"content":{"rendered":"<figure id=\"attachment_246\" aria-describedby=\"caption-attachment-246\" style=\"width: 300px\" class=\"wp-caption alignleft\"><img loading=\"lazy\" decoding=\"async\" class=\"size-medium wp-image-246\" src=\"https:\/\/comunicacion.utn.edu.ec\/wp-content\/uploads\/2022\/03\/FOTO-Coordinadora-Mgs-Carolina-Guzm\u00e1n--300x262.png\" alt=\"\" width=\"300\" height=\"262\" srcset=\"https:\/\/comunicacion.utn.edu.ec\/wp-content\/uploads\/2022\/03\/FOTO-Coordinadora-Mgs-Carolina-Guzm\u00e1n--300x262.png 300w, https:\/\/comunicacion.utn.edu.ec\/wp-content\/uploads\/2022\/03\/FOTO-Coordinadora-Mgs-Carolina-Guzm\u00e1n--309x270.png 309w, https:\/\/comunicacion.utn.edu.ec\/wp-content\/uploads\/2022\/03\/FOTO-Coordinadora-Mgs-Carolina-Guzm\u00e1n-.png 561w\" sizes=\"auto, (max-width: 300px) 100vw, 300px\" \/><figcaption id=\"caption-attachment-246\" class=\"wp-caption-text\">MSc. Rosa Carolina Guzm\u00e1n Cevallos<br \/><strong><em>Coordinadora de la carrera<\/em><\/strong><\/figcaption><\/figure>\n<h4 style=\"text-align: center;\"><span style=\"color: #808080;\"><strong>BIENVENIDA DE LA COORDINADORA<\/strong><\/span><\/h4>\n<p style=\"text-align: justify;\">Convencidos de la importancia y trascendencia de la Comunicaci\u00f3n y en respuesta a las necesidades de la Zona 1 del pa\u00eds, ponemos a su consideraci\u00f3n la Carrera de Comunicaci\u00f3n modalidad presencial, vigente desde el a\u00f1o 2018.<\/p>\n<p style=\"text-align: justify;\">Sabemos la importancia que en la actualidad toman los nuevos medios y plataformas como un soporte para los procesos comunicacionales, y tambi\u00e9n somos testigos de lo indispensable que resulta entender a la Comunicaci\u00f3n como un eje de desarrollo social.<\/p>\n<p style=\"text-align: justify;\">Contamos con un equipo de profesionales calificados que garantizan la formaci\u00f3n acad\u00e9mica y \u00e9tica propia de la profesi\u00f3n.<\/p>\n<p style=\"text-align: justify;\"><em>\u00a1Bienvenidos a todos quienes se integran a la Carrera de la creatividad y las posibilidades!<\/em><\/p>\n","protected":false},"excerpt":{"rendered":"<p>BIENVENIDA DE LA COORDINADORA Convencidos de la importancia y trascendencia de la Comunicaci\u00f3n y en respuesta a las necesidades de la Zona 1 del pa\u00eds, ponemos a su consideraci\u00f3n la Carrera de Comunicaci\u00f3n modalidad presencial, vigente desde el a\u00f1o 2018. <a href=\"https:\/\/comunicacion.utn.edu.ec\/index.php\/nuestra-carrera\/\" class=\"read-more\">Read More &#8230;<\/a><\/p>\n","protected":false},"author":2,"featured_media":0,"parent":0,"menu_order":0,"comment_status":"closed","ping_status":"closed","template":"","meta":{"footnotes":""},"class_list":["post-24","page","type-page","status-publish","hentry"],"_links":{"self":[{"href":"https:\/\/comunicacion.utn.edu.ec\/index.php\/wp-json\/wp\/v2\/pages\/24","targetHints":{"allow":["GET"]}}],"collection":[{"href":"https:\/\/comunicacion.utn.edu.ec\/index.php\/wp-json\/wp\/v2\/pages"}],"about":[{"href":"https:\/\/comunicacion.utn.edu.ec\/index.php\/wp-json\/wp\/v2\/types\/page"}],"author":[{"embeddable":true,"href":"https:\/\/comunicacion.utn.edu.ec\/index.php\/wp-json\/wp\/v2\/users\/2"}],"replies":[{"embeddable":true,"href":"https:\/\/comunicacion.utn.edu.ec\/index.php\/wp-json\/wp\/v2\/comments?post=24"}],"version-history":[{"count":6,"href":"https:\/\/comunicacion.utn.edu.ec\/index.php\/wp-json\/wp\/v2\/pages\/24\/revisions"}],"predecessor-version":[{"id":277,"href":"https:\/\/comunicacion.utn.edu.ec\/index.php\/wp-json\/wp\/v2\/pages\/24\/revisions\/277"}],"wp:attachment":[{"href":"https:\/\/comunicacion.utn.edu.ec\/index.php\/wp-json\/wp\/v2\/media?parent=24"}],"curies":[{"name":"wp","href":"https:\/\/api.w.org\/{rel}","templated":true}]}}